{"id":2,"date":"2024-01-03T18:37:33","date_gmt":"2024-01-03T17:37:33","guid":{"rendered":"http:\/\/belsobekealapitvany.hu\/?page_id=2"},"modified":"2024-02-04T21:33:53","modified_gmt":"2024-02-04T20:33:53","slug":"ez-egy-minta-oldal","status":"publish","type":"page","link":"http:\/\/belsobekealapitvany.hu\/","title":{"rendered":"\u00d6r\u00f6mmel k\u00f6sz\u00f6nt\u00fcnk a Bels\u0151 B\u00e9ke Alap\u00edtv\u00e1ny oldal\u00e1n!"},"content":{"rendered":"\n<p class=\"has-text-color\" style=\"color:#bf6e2f\"><\/p>\n\n\n\n<p class=\"has-text-color\" style=\"color:#bf6e2f\"><\/p>\n\n\n\n<p class=\"has-text-color\" style=\"color:#bf6e2f\"><\/p>\n\n\n\n<p class=\"has-text-color\" style=\"color:#bf6e2f\">Bemutatkoz\u00e1s:<\/p>\n\n\n\n<p class=\"has-text-color\" style=\"color:#bf6e2f\">Az alap\u00edtv\u00e1nyt legk\u00f6zelebbi bar\u00e1taimmal hoztuk l\u00e9tre, annak rem\u00e9ny\u00e9ben, hogy k\u00f6z\u00f6ss\u00e9get \u00e9s helyet biztos\u00edtsunk azok sz\u00e1m\u00e1ra, akik szeretn\u00e9nek nagyobb b\u00e9kess\u00e9get, szeretetet el\u00e9rni magukban \u00e9s k\u00f6rnyezet\u00fckben!<\/p>\n\n\n\n<p class=\"has-text-color\" style=\"color:#bf6e2f\">A Bels\u0151 B\u00e9ke Alap\u00edtv\u00e1ny egy olyan k\u00f6z\u00f6ss\u00e9g, melynek tagjai elk\u00f6telezt\u00e9k magukat embert\u00e1rsaik seg\u00edt\u00e9s\u00e9re, t\u00e1mogat\u00e1s\u00e1ra. C\u00e9lunk a bels\u0151 b\u00e9ke \u00e1llapot\u00e1nak megval\u00f3s\u00edt\u00e1sa, \u00e9s fenntart\u00e1sa! \u00dagy gondoljuk ez kiemelt fontoss\u00e1g\u00fa az egy\u00e9n szem\u00e9lyes fejl\u0151d\u00e9se sor\u00e1n, emellett mindennapi \u00e9let\u00fcnket is nagyban megk\u00f6nny\u00edti.<\/p>\n\n\n\n<p class=\"has-text-color\" style=\"color:#bf6e2f\"><\/p>\n\n\n\n<p class=\"has-text-color\" style=\"color:#bf6e2f\">A b\u00e9k\u00e9r\u0151l:<\/p>\n\n\n\n<p class=\"has-text-color\" style=\"color:#bf6e2f\">A b\u00e9k\u00e9t tapasztal\u00f3 ember harm\u00f3ni\u00e1ban van \u00f6nmag\u00e1val, az \u00e9rzelmeivel \u00e9s gondolataival. Mindent \u00e1that\u00f3 szeretetteli \u00e1llapotot tapasztal, melyet nyugalom, der\u0171 \u00e9s el\u00e9gedetts\u00e9g \u00f6vez. Csendes bels\u0151 f\u00e9ny \u00e9s szabads\u00e1g \u00e9rzet jellemzi. Tettei spont\u00e1nak, tudata ellazult, mik\u00f6zben stabilnak \u00e9s mindenf\u00e9le er\u0151lk\u00f6d\u00e9st\u0151l mentesnek tapasztalja mag\u00e1t. Nem rossz, igaz!? Ugyanakkor id\u00e1ig eljutni \u00e9s ezt fenntartani sok bels\u0151 munk\u00e1t ig\u00e9nyel. Ennek az \u00fatnak a bej\u00e1r\u00e1s\u00e1ra invit\u00e1ljuk a hozz\u00e1nk csatlakoz\u00f3kat, programjainkon r\u00e9sztvev\u0151ket.<\/p>\n\n\n\n<p class=\"has-text-color\" style=\"color:#bf6e2f\"><\/p>\n\n\n\n<p class=\"has-text-color\" style=\"color:#bf6e2f\">Tev\u00e9kenys\u00e9geink:<\/p>\n\n\n\n<p class=\"has-text-color\" style=\"color:#bf6e2f\">A t\u00e9m\u00e1val kapcsolatos tud\u00e1sunk b\u0151v\u00edt\u00e9se \u00e9rdek\u00e9ben nagytud\u00e1s\u00fa tan\u00edt\u00f3kat \u00fatmutat\u00e1sait k\u00f6vetj\u00fck, \u00e9s azok alapj\u00e1n igyeksz\u00fcnk m\u00e9lyebb meg\u00e9rt\u00e9st biztos\u00edtani a b\u00e9k\u00e9t kutat\u00f3k sz\u00e1m\u00e1ra.<\/p>\n\n\n\n<p class=\"has-text-color\" style=\"color:#bf6e2f\">A Bels\u0151 B\u00e9ke Alap\u00edtv\u00e1ny programjait \u00fagy igyekezt\u00fcnk \u00f6sszev\u00e1logatni, hogy sz\u00e9les sk\u00e1l\u00e1n mozogva, min\u00e9l t\u00e1gabb ig\u00e9nyeket szolg\u00e1lva tudjunk seg\u00edteni a b\u00e9k\u00e9re v\u00e1gy\u00f3knak. Ezek a tev\u00e9kenys\u00e9gek lehetnek pszichol\u00f3giai t\u00e1mogat\u00e1st ny\u00fajt\u00f3 csoportos\/egy\u00e9ni besz\u00e9lget\u00e9sek, medit\u00e1ci\u00f3s vagy relax\u00e1ci\u00f3s gyakorlatok, spiritu\u00e1lis tan\u00edt\u00e1sok\/el\u0151ad\u00e1sok, testmozg\u00e1s \u00e9s eg\u00e9szs\u00e9ges \u00e9letm\u00f3dra \u00f6szt\u00f6nz\u0151 programok.<\/p>\n\n\n\n<p class=\"has-text-color\" style=\"color:#bf6e2f\"><\/p>\n\n\n\n<p class=\"has-text-color\" style=\"color:#bf6e2f\">K\u00f6z\u00f6ss\u00e9gi programok:<\/p>\n\n\n\n<p class=\"has-text-color\" style=\"color:#bf6e2f\">Rendszeresen szervez\u00fcnk k\u00f6z\u00f6s programokat, t\u00f6bbek k\u00f6z\u00f6tt erdei t\u00far\u00e1kat, szabadban t\u00f6lt\u00f6tt piknikeket, \u00e9s egy\u00e9b szabadid\u0151s k\u00f6z\u00f6ss\u00e9gi esem\u00e9nyeket.<\/p>\n\n\n\n<p class=\"has-text-color\" style=\"color:#bf6e2f\"><\/p>\n\n\n\n<p class=\"has-text-color\" style=\"color:#bf6e2f\">T\u00e1mogat\u00e1si lehet\u0151s\u00e9gek:<\/p>\n\n\n\n<p class=\"has-text-color\" style=\"color:#bf6e2f\">A Bels\u0151 B\u00e9ke Alap\u00edtv\u00e1ny adom\u00e1nyokb\u00f3l tartja fenn mag\u00e1t. A megadott sz\u00e1mlasz\u00e1mra v\u00e1rjuk kedves t\u00e1mogat\u00f3ink felaj\u00e1nl\u00e1s\u00e1t.<\/p>\n\n\n\n<p class=\"has-text-color\" style=\"color:#bf6e2f\">Az alap\u00edtv\u00e1nyunkat t\u00e1mogat\u00f3k kedvezm\u00e9nyben r\u00e9szes\u00fclnek, vagy ak\u00e1r ingyenesen is r\u00e9szt vehetnek minden programunkon.<\/p>\n\n\n\n<p class=\"has-text-color\" style=\"color:#bf6e2f\"><\/p>\n\n\n\n<p class=\"has-text-color\" style=\"color:#bf6e2f\"><\/p>\n\n\n\n<p class=\"has-text-color\" style=\"color:#bf6e2f\">B\u00edzunk benne, hogy az \u00e1ltalunk szervezett programok \u00e9s kezdem\u00e9nyez\u00e9sek seg\u00edtenek az embereknek megtal\u00e1lni a bels\u0151 b\u00e9k\u00e9j\u00fcket, \u00e9s ezzel egyidej\u0171leg egy olyan k\u00f6z\u00f6ss\u00e9g r\u00e9sz\u00e9v\u00e9 v\u00e1lnak, ahol t\u00e1mogat\u00e1st \u00e9s inspir\u00e1ci\u00f3t tal\u00e1lnak egym\u00e1sban. Ha csatlakozni szeretne hozz\u00e1nk, \u00f6r\u00f6mmel fogadjuk. Mind\u00f6ssze annyit kell tennie, hogy ell\u00e1togat programjainkra. Facebookon \u00e9s honlapunkon kereszt\u00fcl is \u00e9rtes\u00fclhet a k\u00f6zelg\u0151 esem\u00e9nyeinkr\u0151l.&nbsp;<\/p>\n\n\n\n<p class=\"has-text-color\" style=\"color:#bf6e2f\">Rem\u00e9lj\u00fck, hamarosan szem\u00e9lyesen is megismerhetj\u00fck egym\u00e1st. <\/p>\n\n\n\n<p class=\"has-text-color\" style=\"color:#bf6e2f\">B\u00e9ke! <\/p>\n","protected":false},"excerpt":{"rendered":"<p>Bemutatkoz\u00e1s: Az alap\u00edtv\u00e1nyt legk\u00f6zelebbi bar\u00e1taimmal hoztuk l\u00e9tre, annak rem\u00e9ny\u00e9ben, hogy k\u00f6z\u00f6ss\u00e9get \u00e9s helyet biztos\u00edtsunk azok sz\u00e1m\u00e1ra, akik szeretn\u00e9nek nagyobb b\u00e9kess\u00e9get, szeretetet el\u00e9rni magukban \u00e9s k\u00f6rnyezet\u00fckben! A Bels\u0151 B\u00e9ke Alap\u00edtv\u00e1ny egy olyan k\u00f6z\u00f6ss\u00e9g, melynek tagjai elk\u00f6telezt\u00e9k magukat embert\u00e1rsaik seg\u00edt\u00e9s\u00e9re, t\u00e1mogat\u00e1s\u00e1ra. C\u00e9lunk a bels\u0151 b\u00e9ke \u00e1llapot\u00e1nak megval\u00f3s\u00edt\u00e1sa, \u00e9s fenntart\u00e1sa! \u00dagy gondoljuk ez kiemelt fontoss\u00e1g\u00fa az egy\u00e9n szem\u00e9lyes [&hellip;]<\/p>\n","protected":false},"author":1,"featured_media":0,"parent":0,"menu_order":0,"comment_status":"closed","ping_status":"open","template":"","meta":{"_monsterinsights_skip_tracking":false,"_monsterinsights_sitenote_active":false,"_monsterinsights_sitenote_note":"","_monsterinsights_sitenote_category":0,"footnotes":""},"_links":{"self":[{"href":"http:\/\/belsobekealapitvany.hu\/index.php?rest_route=\/wp\/v2\/pages\/2"}],"collection":[{"href":"http:\/\/belsobekealapitvany.hu\/index.php?rest_route=\/wp\/v2\/pages"}],"about":[{"href":"http:\/\/belsobekealapitvany.hu\/index.php?rest_route=\/wp\/v2\/types\/page"}],"author":[{"embeddable":true,"href":"http:\/\/belsobekealapitvany.hu\/index.php?rest_route=\/wp\/v2\/users\/1"}],"replies":[{"embeddable":true,"href":"http:\/\/belsobekealapitvany.hu\/index.php?rest_route=%2Fwp%2Fv2%2Fcomments&post=2"}],"version-history":[{"count":5,"href":"http:\/\/belsobekealapitvany.hu\/index.php?rest_route=\/wp\/v2\/pages\/2\/revisions"}],"predecessor-version":[{"id":142,"href":"http:\/\/belsobekealapitvany.hu\/index.php?rest_route=\/wp\/v2\/pages\/2\/revisions\/142"}],"wp:attachment":[{"href":"http:\/\/belsobekealapitvany.hu\/index.php?rest_route=%2Fwp%2Fv2%2Fmedia&parent=2"}],"curies":[{"name":"wp","href":"https:\/\/api.w.org\/{rel}","templated":true}]}}